{"id":10,"date":"2017-04-07T02:45:23","date_gmt":"2017-04-07T02:45:23","guid":{"rendered":"https:\/\/saintvincentwine.com\/?page_id=10"},"modified":"2025-12-01T03:54:11","modified_gmt":"2025-12-01T03:54:11","slug":"svw-internacional","status":"publish","type":"page","link":"https:\/\/saintvincentwine.com\/?page_id=10","title":{"rendered":"Vinos convencionales"},"content":{"rendered":"\n<p style=\"font-size:clamp(14px, 0.875rem + ((1vw - 3.2px) * 0.265), 17px);\"><\/p>\n\n\n\n<h2 class=\"wp-block-heading has-white-color has-primary-background-color has-text-color has-background has-link-color wp-elements-d819cec1f173371e5dd420b244fbfcdc\" style=\"text-transform:uppercase\">Espa\u00f1a<\/h2>\n\n\n\n<p class=\"has-large-font-size\"><a href=\"https:\/\/www.martincodax.com\/es\/\" data-type=\"URL\" data-id=\"https:\/\/www.martincodax.com\/es\/\" target=\"_blank\" rel=\"noreferrer noopener\">BODEGAS MART\u00cdN CODAX S.A.U D.O. R\u00cdAS BAIXAS<\/a><\/p>\n\n\n\n<p style=\"font-size:clamp(14px, 0.875rem + ((1vw - 3.2px) * 0.265), 17px);\"><strong>BURGANS BLANCO ALBARI\u00d1O<\/strong><\/p>\n\n\n\n<figure class=\"wp-block-gallery has-nested-images columns-default is-cropped wp-block-gallery-1 is-layout-flex wp-block-gallery-is-layout-flex\">\n<figure class=\"wp-block-image size-full is-style-default\"><img fetchpriority=\"high\" decoding=\"async\" width=\"2560\" height=\"1850\" data-id=\"1880\" src=\"https:\/\/saintvincentwine.com\/wp-content\/uploads\/2025\/11\/Burga\u0301ns-Albarin\u0303o-Bodegas-Marti\u0301n-Co\u0301dax-scaled.jpg\" alt=\"\" class=\"wp-image-1880\" srcset=\"https:\/\/saintvincentwine.com\/wp-content\/uploads\/2025\/11\/Burga\u0301ns-Albarin\u0303o-Bodegas-Marti\u0301n-Co\u0301dax-scaled.jpg 2560w, https:\/\/saintvincentwine.com\/wp-content\/uploads\/2025\/11\/Burga\u0301ns-Albarin\u0303o-Bodegas-Marti\u0301n-Co\u0301dax-300x217.jpg 300w, https:\/\/saintvincentwine.com\/wp-content\/uploads\/2025\/11\/Burga\u0301ns-Albarin\u0303o-Bodegas-Marti\u0301n-Co\u0301dax-1024x740.jpg 1024w, https:\/\/saintvincentwine.com\/wp-content\/uploads\/2025\/11\/Burga\u0301ns-Albarin\u0303o-Bodegas-Marti\u0301n-Co\u0301dax-2000x1446.jpg 2000w\" sizes=\"(max-width: 2560px) 100vw, 2560px\" \/><\/figure>\n<\/figure>\n\n\n\n<p><\/p>\n\n\n\n<p class=\"has-large-font-size\"><a href=\"https:\/\/demuller.es\/\" data-type=\"URL\" data-id=\"https:\/\/demuller.es\/\" target=\"_blank\" rel=\"noreferrer noopener\">DE MULLER S.A. D.O. TARRAGONA<\/a><\/p>\n\n\n\n<p><strong>VERMOUTH &amp; VINO RANCIO<\/strong><\/p>\n\n\n\n<figure class=\"wp-block-gallery has-nested-images columns-4 is-cropped wp-block-gallery-2 is-layout-flex wp-block-gallery-is-layout-flex\">\n<figure class=\"wp-block-image size-large is-style-default\"><img decoding=\"async\" width=\"650\" height=\"1024\" data-id=\"1865\" src=\"https:\/\/saintvincentwine.com\/wp-content\/uploads\/2025\/10\/Vermouth-Iris-Rojo-De-Muller-Saint-Vincent-Wine-2-650x1024.jpg\" alt=\"\" class=\"wp-image-1865\" srcset=\"https:\/\/saintvincentwine.com\/wp-content\/uploads\/2025\/10\/Vermouth-Iris-Rojo-De-Muller-Saint-Vincent-Wine-2-650x1024.jpg 650w, https:\/\/saintvincentwine.com\/wp-content\/uploads\/2025\/10\/Vermouth-Iris-Rojo-De-Muller-Saint-Vincent-Wine-2-190x300.jpg 190w, https:\/\/saintvincentwine.com\/wp-content\/uploads\/2025\/10\/Vermouth-Iris-Rojo-De-Muller-Saint-Vincent-Wine-2-2000x3152.jpg 2000w, https:\/\/saintvincentwine.com\/wp-content\/uploads\/2025\/10\/Vermouth-Iris-Rojo-De-Muller-Saint-Vincent-Wine-2-scaled.jpg 1624w\" sizes=\"(max-width: 650px) 100vw, 650px\" \/><\/figure>\n\n\n\n<figure class=\"wp-block-image size-large is-style-default\"><img decoding=\"async\" width=\"682\" height=\"1024\" data-id=\"1866\" src=\"https:\/\/saintvincentwine.com\/wp-content\/uploads\/2025\/10\/Vermouth-Iris-Blanco-De-Muller-Saint-Vincent-Wine-2-682x1024.jpg\" alt=\"\" class=\"wp-image-1866\" srcset=\"https:\/\/saintvincentwine.com\/wp-content\/uploads\/2025\/10\/Vermouth-Iris-Blanco-De-Muller-Saint-Vincent-Wine-2-682x1024.jpg 682w, https:\/\/saintvincentwine.com\/wp-content\/uploads\/2025\/10\/Vermouth-Iris-Blanco-De-Muller-Saint-Vincent-Wine-2-200x300.jpg 200w, https:\/\/saintvincentwine.com\/wp-content\/uploads\/2025\/10\/Vermouth-Iris-Blanco-De-Muller-Saint-Vincent-Wine-2-2000x3004.jpg 2000w, https:\/\/saintvincentwine.com\/wp-content\/uploads\/2025\/10\/Vermouth-Iris-Blanco-De-Muller-Saint-Vincent-Wine-2-scaled.jpg 1705w\" sizes=\"(max-width: 682px) 100vw, 682px\" \/><\/figure>\n\n\n\n<figure class=\"wp-block-image size-large is-style-default\"><img loading=\"lazy\" decoding=\"async\" width=\"675\" height=\"1024\" data-id=\"1864\" src=\"https:\/\/saintvincentwine.com\/wp-content\/uploads\/2025\/10\/Vermouth-Iris-dorado-De-Muller-Saint-Vincent-Wine-2-675x1024.jpg\" alt=\"\" class=\"wp-image-1864\" srcset=\"https:\/\/saintvincentwine.com\/wp-content\/uploads\/2025\/10\/Vermouth-Iris-dorado-De-Muller-Saint-Vincent-Wine-2-675x1024.jpg 675w, https:\/\/saintvincentwine.com\/wp-content\/uploads\/2025\/10\/Vermouth-Iris-dorado-De-Muller-Saint-Vincent-Wine-2-198x300.jpg 198w, https:\/\/saintvincentwine.com\/wp-content\/uploads\/2025\/10\/Vermouth-Iris-dorado-De-Muller-Saint-Vincent-Wine-2-2000x3034.jpg 2000w, https:\/\/saintvincentwine.com\/wp-content\/uploads\/2025\/10\/Vermouth-Iris-dorado-De-Muller-Saint-Vincent-Wine-2-scaled.jpg 1688w\" sizes=\"(max-width: 675px) 100vw, 675px\" \/><\/figure>\n\n\n\n<figure class=\"wp-block-image size-large is-style-default\"><img loading=\"lazy\" decoding=\"async\" width=\"683\" height=\"1024\" data-id=\"1867\" src=\"https:\/\/saintvincentwine.com\/wp-content\/uploads\/2025\/10\/Vermouth-Reserva-De-Muller-Saint-Vincent-Wine-2-683x1024.jpg\" alt=\"\" class=\"wp-image-1867\" srcset=\"https:\/\/saintvincentwine.com\/wp-content\/uploads\/2025\/10\/Vermouth-Reserva-De-Muller-Saint-Vincent-Wine-2-683x1024.jpg 683w, https:\/\/saintvincentwine.com\/wp-content\/uploads\/2025\/10\/Vermouth-Reserva-De-Muller-Saint-Vincent-Wine-2-200x300.jpg 200w, https:\/\/saintvincentwine.com\/wp-content\/uploads\/2025\/10\/Vermouth-Reserva-De-Muller-Saint-Vincent-Wine-2-2000x3000.jpg 2000w, https:\/\/saintvincentwine.com\/wp-content\/uploads\/2025\/10\/Vermouth-Reserva-De-Muller-Saint-Vincent-Wine-2-scaled.jpg 1707w\" sizes=\"(max-width: 683px) 100vw, 683px\" \/><\/figure>\n<\/figure>\n\n\n\n<p class=\"has-large-font-size\"><a href=\"https:\/\/demuller.es\/\" data-type=\"URL\" data-id=\"https:\/\/demuller.es\/\" target=\"_blank\" rel=\"noreferrer noopener\">EMENDIS MASIA PUIGMOLTO S.L. D.O. PENED\u00c9S<\/a><\/p>\n\n\n\n<p style=\"font-size:clamp(14px, 0.875rem + ((1vw - 3.2px) * 0.265), 17px);\">EN CONSTRUCCI\u00d3N&#8230;<\/p>\n\n\n\n<p class=\"has-large-font-size\"><a href=\"https:\/\/www.pagosdelrey.com\/\" data-type=\"URL\" data-id=\"https:\/\/www.pagosdelrey.com\/\" target=\"_blank\" rel=\"noreferrer noopener\">PAGOS DEL REY S.L. VINOS DE LA TIERRA DE CASTILA Y LE\u00d3N Y D.O. TORO<\/a><\/p>\n\n\n\n<p style=\"font-size:clamp(14px, 0.875rem + ((1vw - 3.2px) * 0.265), 17px);\">VINOS DE LA TIERRA DE CASTILLA Y LE\u00d3N<\/p>\n\n\n\n<figure class=\"wp-block-gallery has-nested-images columns-5 is-cropped wp-block-gallery-3 is-layout-flex wp-block-gallery-is-layout-flex\">\n<figure class=\"wp-block-image size-large is-style-default\"><img loading=\"lazy\" decoding=\"async\" width=\"683\" height=\"1024\" data-id=\"1871\" src=\"https:\/\/saintvincentwine.com\/wp-content\/uploads\/2025\/10\/El-Aviador-Vino-blanco-Pagos-del-Rey-Saint-Vincent-Wine-683x1024.jpg\" alt=\"\" class=\"wp-image-1871\" srcset=\"https:\/\/saintvincentwine.com\/wp-content\/uploads\/2025\/10\/El-Aviador-Vino-blanco-Pagos-del-Rey-Saint-Vincent-Wine-683x1024.jpg 683w, https:\/\/saintvincentwine.com\/wp-content\/uploads\/2025\/10\/El-Aviador-Vino-blanco-Pagos-del-Rey-Saint-Vincent-Wine-200x300.jpg 200w, https:\/\/saintvincentwine.com\/wp-content\/uploads\/2025\/10\/El-Aviador-Vino-blanco-Pagos-del-Rey-Saint-Vincent-Wine-2000x3000.jpg 2000w, https:\/\/saintvincentwine.com\/wp-content\/uploads\/2025\/10\/El-Aviador-Vino-blanco-Pagos-del-Rey-Saint-Vincent-Wine-scaled.jpg 1707w\" sizes=\"(max-width: 683px) 100vw, 683px\" \/><\/figure>\n\n\n\n<figure class=\"wp-block-image size-large is-style-default\"><img loading=\"lazy\" decoding=\"async\" width=\"683\" height=\"1024\" data-id=\"1872\" src=\"https:\/\/saintvincentwine.com\/wp-content\/uploads\/2025\/10\/Pagos-del-Rey-Vino-rosado-Saint-Vincent-Wine-2-683x1024.jpg\" alt=\"\" class=\"wp-image-1872\" srcset=\"https:\/\/saintvincentwine.com\/wp-content\/uploads\/2025\/10\/Pagos-del-Rey-Vino-rosado-Saint-Vincent-Wine-2-683x1024.jpg 683w, https:\/\/saintvincentwine.com\/wp-content\/uploads\/2025\/10\/Pagos-del-Rey-Vino-rosado-Saint-Vincent-Wine-2-200x300.jpg 200w, https:\/\/saintvincentwine.com\/wp-content\/uploads\/2025\/10\/Pagos-del-Rey-Vino-rosado-Saint-Vincent-Wine-2-2000x3000.jpg 2000w, https:\/\/saintvincentwine.com\/wp-content\/uploads\/2025\/10\/Pagos-del-Rey-Vino-rosado-Saint-Vincent-Wine-2-scaled.jpg 1707w\" sizes=\"(max-width: 683px) 100vw, 683px\" \/><\/figure>\n\n\n\n<figure class=\"wp-block-image size-large is-style-default\"><img loading=\"lazy\" decoding=\"async\" width=\"683\" height=\"1024\" data-id=\"1873\" src=\"https:\/\/saintvincentwine.com\/wp-content\/uploads\/2025\/10\/Vino-tinto-El-Aviador-Pagos-del-Rey-Saint-Vincent-Wine-683x1024.jpg\" alt=\"\" class=\"wp-image-1873\" srcset=\"https:\/\/saintvincentwine.com\/wp-content\/uploads\/2025\/10\/Vino-tinto-El-Aviador-Pagos-del-Rey-Saint-Vincent-Wine-683x1024.jpg 683w, https:\/\/saintvincentwine.com\/wp-content\/uploads\/2025\/10\/Vino-tinto-El-Aviador-Pagos-del-Rey-Saint-Vincent-Wine-200x300.jpg 200w, https:\/\/saintvincentwine.com\/wp-content\/uploads\/2025\/10\/Vino-tinto-El-Aviador-Pagos-del-Rey-Saint-Vincent-Wine-2000x3000.jpg 2000w, https:\/\/saintvincentwine.com\/wp-content\/uploads\/2025\/10\/Vino-tinto-El-Aviador-Pagos-del-Rey-Saint-Vincent-Wine-scaled.jpg 1707w\" sizes=\"(max-width: 683px) 100vw, 683px\" \/><\/figure>\n\n\n\n<figure class=\"wp-block-image size-large is-style-default\"><img loading=\"lazy\" decoding=\"async\" width=\"641\" height=\"1024\" data-id=\"1874\" src=\"https:\/\/saintvincentwine.com\/wp-content\/uploads\/2025\/10\/Pago-de-Fuentecojo-Pagos-del-Rey-Vino-tinto-SAint-Vincent-Wine-641x1024.jpg\" alt=\"\" class=\"wp-image-1874\" srcset=\"https:\/\/saintvincentwine.com\/wp-content\/uploads\/2025\/10\/Pago-de-Fuentecojo-Pagos-del-Rey-Vino-tinto-SAint-Vincent-Wine-641x1024.jpg 641w, https:\/\/saintvincentwine.com\/wp-content\/uploads\/2025\/10\/Pago-de-Fuentecojo-Pagos-del-Rey-Vino-tinto-SAint-Vincent-Wine-188x300.jpg 188w, https:\/\/saintvincentwine.com\/wp-content\/uploads\/2025\/10\/Pago-de-Fuentecojo-Pagos-del-Rey-Vino-tinto-SAint-Vincent-Wine-2000x3195.jpg 2000w, https:\/\/saintvincentwine.com\/wp-content\/uploads\/2025\/10\/Pago-de-Fuentecojo-Pagos-del-Rey-Vino-tinto-SAint-Vincent-Wine-scaled.jpg 1602w\" sizes=\"(max-width: 641px) 100vw, 641px\" \/><\/figure>\n\n\n\n<figure class=\"wp-block-image size-large is-style-default\"><img loading=\"lazy\" decoding=\"async\" width=\"819\" height=\"1024\" data-id=\"1890\" src=\"https:\/\/saintvincentwine.com\/wp-content\/uploads\/2025\/11\/Can\u0303o-tinto-Tempranin\u0303n\u0303o-Saint-Vincent-Wine-819x1024.jpg\" alt=\"\" class=\"wp-image-1890\" srcset=\"https:\/\/saintvincentwine.com\/wp-content\/uploads\/2025\/11\/Can\u0303o-tinto-Tempranin\u0303n\u0303o-Saint-Vincent-Wine-819x1024.jpg 819w, https:\/\/saintvincentwine.com\/wp-content\/uploads\/2025\/11\/Can\u0303o-tinto-Tempranin\u0303n\u0303o-Saint-Vincent-Wine-240x300.jpg 240w, https:\/\/saintvincentwine.com\/wp-content\/uploads\/2025\/11\/Can\u0303o-tinto-Tempranin\u0303n\u0303o-Saint-Vincent-Wine.jpg 1557w\" sizes=\"(max-width: 819px) 100vw, 819px\" \/><\/figure>\n<\/figure>\n\n\n\n<p class=\"has-large-font-size\"><a href=\"https:\/\/www.alvear.es\/\" data-type=\"URL\" data-id=\"https:\/\/www.alvear.es\/\" target=\"_blank\" rel=\"noreferrer noopener\">ALVEAR D.O. MONTILLA MORILES<\/a><\/p>\n\n\n\n<p style=\"font-size:clamp(14px, 0.875rem + ((1vw - 3.2px) * 0.265), 17px);\"><\/p>\n\n\n\n<figure class=\"wp-block-gallery has-nested-images columns-default is-cropped wp-block-gallery-4 is-layout-flex wp-block-gallery-is-layout-flex\">\n<figure class=\"wp-block-image size-large is-style-default\"><img loading=\"lazy\" decoding=\"async\" width=\"706\" height=\"1024\" data-id=\"1902\" src=\"https:\/\/saintvincentwine.com\/wp-content\/uploads\/2025\/11\/Fino-CB-Bodegas-Alvear-Saint-Vincent-Wine-706x1024.jpg\" alt=\"\" class=\"wp-image-1902\" srcset=\"https:\/\/saintvincentwine.com\/wp-content\/uploads\/2025\/11\/Fino-CB-Bodegas-Alvear-Saint-Vincent-Wine-706x1024.jpg 706w, https:\/\/saintvincentwine.com\/wp-content\/uploads\/2025\/11\/Fino-CB-Bodegas-Alvear-Saint-Vincent-Wine-207x300.jpg 207w, https:\/\/saintvincentwine.com\/wp-content\/uploads\/2025\/11\/Fino-CB-Bodegas-Alvear-Saint-Vincent-Wine-2000x2901.jpg 2000w, https:\/\/saintvincentwine.com\/wp-content\/uploads\/2025\/11\/Fino-CB-Bodegas-Alvear-Saint-Vincent-Wine-scaled.jpg 1765w\" sizes=\"(max-width: 706px) 100vw, 706px\" \/><\/figure>\n\n\n\n<figure class=\"wp-block-image size-large is-style-default\"><img loading=\"lazy\" decoding=\"async\" width=\"683\" height=\"1024\" data-id=\"1905\" src=\"https:\/\/saintvincentwine.com\/wp-content\/uploads\/2025\/11\/Miradas-Vino-blanco-de-Pueblo-Bodegas-alvear-Saint-Vincent-Wine-2-683x1024.jpg\" alt=\"\" class=\"wp-image-1905\" srcset=\"https:\/\/saintvincentwine.com\/wp-content\/uploads\/2025\/11\/Miradas-Vino-blanco-de-Pueblo-Bodegas-alvear-Saint-Vincent-Wine-2-683x1024.jpg 683w, https:\/\/saintvincentwine.com\/wp-content\/uploads\/2025\/11\/Miradas-Vino-blanco-de-Pueblo-Bodegas-alvear-Saint-Vincent-Wine-2-200x300.jpg 200w, https:\/\/saintvincentwine.com\/wp-content\/uploads\/2025\/11\/Miradas-Vino-blanco-de-Pueblo-Bodegas-alvear-Saint-Vincent-Wine-2-2000x3000.jpg 2000w, https:\/\/saintvincentwine.com\/wp-content\/uploads\/2025\/11\/Miradas-Vino-blanco-de-Pueblo-Bodegas-alvear-Saint-Vincent-Wine-2-scaled.jpg 1707w\" sizes=\"(max-width: 683px) 100vw, 683px\" \/><\/figure>\n\n\n\n<figure class=\"wp-block-image size-large is-style-default\"><img loading=\"lazy\" decoding=\"async\" width=\"830\" height=\"1024\" data-id=\"1904\" src=\"https:\/\/saintvincentwine.com\/wp-content\/uploads\/2025\/11\/Vermouth-rojo-tradicional-Bodegas-alvear-Saint-Vincent-Wine-830x1024.jpg\" alt=\"\" class=\"wp-image-1904\" srcset=\"https:\/\/saintvincentwine.com\/wp-content\/uploads\/2025\/11\/Vermouth-rojo-tradicional-Bodegas-alvear-Saint-Vincent-Wine-830x1024.jpg 830w, https:\/\/saintvincentwine.com\/wp-content\/uploads\/2025\/11\/Vermouth-rojo-tradicional-Bodegas-alvear-Saint-Vincent-Wine-243x300.jpg 243w, https:\/\/saintvincentwine.com\/wp-content\/uploads\/2025\/11\/Vermouth-rojo-tradicional-Bodegas-alvear-Saint-Vincent-Wine-2000x2468.jpg 2000w\" sizes=\"(max-width: 830px) 100vw, 830px\" \/><\/figure>\n<\/figure>\n\n\n\n<p style=\"font-size:clamp(14px, 0.875rem + ((1vw - 3.2px) * 0.265), 17px);\"><\/p>\n\n\n\n<figure class=\"wp-block-gallery has-nested-images columns-default is-cropped wp-block-gallery-5 is-layout-flex wp-block-gallery-is-layout-flex\">\n<figure class=\"wp-block-image size-large is-style-default\"><img loading=\"lazy\" decoding=\"async\" width=\"691\" height=\"1024\" data-id=\"1906\" src=\"https:\/\/saintvincentwine.com\/wp-content\/uploads\/2025\/11\/Vino-Festivcal-Blanco-Joven-Bodegas-Alvear-Saint-Vincent-Wine-691x1024.jpg\" alt=\"\" class=\"wp-image-1906\" srcset=\"https:\/\/saintvincentwine.com\/wp-content\/uploads\/2025\/11\/Vino-Festivcal-Blanco-Joven-Bodegas-Alvear-Saint-Vincent-Wine-691x1024.jpg 691w, https:\/\/saintvincentwine.com\/wp-content\/uploads\/2025\/11\/Vino-Festivcal-Blanco-Joven-Bodegas-Alvear-Saint-Vincent-Wine-202x300.jpg 202w, https:\/\/saintvincentwine.com\/wp-content\/uploads\/2025\/11\/Vino-Festivcal-Blanco-Joven-Bodegas-Alvear-Saint-Vincent-Wine-2000x2963.jpg 2000w, https:\/\/saintvincentwine.com\/wp-content\/uploads\/2025\/11\/Vino-Festivcal-Blanco-Joven-Bodegas-Alvear-Saint-Vincent-Wine-scaled.jpg 1728w\" sizes=\"(max-width: 691px) 100vw, 691px\" \/><\/figure>\n\n\n\n<figure class=\"wp-block-image size-large is-style-default\"><img loading=\"lazy\" decoding=\"async\" width=\"705\" height=\"1024\" data-id=\"1907\" src=\"https:\/\/saintvincentwine.com\/wp-content\/uploads\/2025\/11\/Oloroso-Asuncio\u0301n-Bodegas-Alvear-Saint-Vincent-Wine-705x1024.jpg\" alt=\"\" class=\"wp-image-1907\" srcset=\"https:\/\/saintvincentwine.com\/wp-content\/uploads\/2025\/11\/Oloroso-Asuncio\u0301n-Bodegas-Alvear-Saint-Vincent-Wine-705x1024.jpg 705w, https:\/\/saintvincentwine.com\/wp-content\/uploads\/2025\/11\/Oloroso-Asuncio\u0301n-Bodegas-Alvear-Saint-Vincent-Wine-207x300.jpg 207w, https:\/\/saintvincentwine.com\/wp-content\/uploads\/2025\/11\/Oloroso-Asuncio\u0301n-Bodegas-Alvear-Saint-Vincent-Wine-2000x2905.jpg 2000w, https:\/\/saintvincentwine.com\/wp-content\/uploads\/2025\/11\/Oloroso-Asuncio\u0301n-Bodegas-Alvear-Saint-Vincent-Wine-scaled.jpg 1762w\" sizes=\"(max-width: 705px) 100vw, 705px\" \/><\/figure>\n\n\n\n<figure class=\"wp-block-image size-large is-style-default\"><img loading=\"lazy\" decoding=\"async\" width=\"681\" height=\"1024\" data-id=\"1908\" src=\"https:\/\/saintvincentwine.com\/wp-content\/uploads\/2025\/11\/Fino-en-Rama-Vino-Bodegas-Alvear-Saint-Vincent-Wine-681x1024.jpg\" alt=\"\" class=\"wp-image-1908\" srcset=\"https:\/\/saintvincentwine.com\/wp-content\/uploads\/2025\/11\/Fino-en-Rama-Vino-Bodegas-Alvear-Saint-Vincent-Wine-681x1024.jpg 681w, https:\/\/saintvincentwine.com\/wp-content\/uploads\/2025\/11\/Fino-en-Rama-Vino-Bodegas-Alvear-Saint-Vincent-Wine-200x300.jpg 200w, https:\/\/saintvincentwine.com\/wp-content\/uploads\/2025\/11\/Fino-en-Rama-Vino-Bodegas-Alvear-Saint-Vincent-Wine-2000x3007.jpg 2000w, https:\/\/saintvincentwine.com\/wp-content\/uploads\/2025\/11\/Fino-en-Rama-Vino-Bodegas-Alvear-Saint-Vincent-Wine-scaled.jpg 1703w\" sizes=\"(max-width: 681px) 100vw, 681px\" \/><\/figure>\n<\/figure>\n\n\n\n<p style=\"font-size:clamp(14px, 0.875rem + ((1vw - 3.2px) * 0.265), 17px);\"><\/p>\n\n\n\n<figure class=\"wp-block-gallery has-nested-images columns-default is-cropped wp-block-gallery-6 is-layout-flex wp-block-gallery-is-layout-flex\">\n<figure class=\"wp-block-image size-large is-style-default\"><img loading=\"lazy\" decoding=\"async\" width=\"691\" height=\"1024\" data-id=\"1909\" src=\"https:\/\/saintvincentwine.com\/wp-content\/uploads\/2025\/11\/Fino-Capataz-Vino-Bodegas-Alvear-Saint-Vincent-Wine-691x1024.jpg\" alt=\"\" class=\"wp-image-1909\" srcset=\"https:\/\/saintvincentwine.com\/wp-content\/uploads\/2025\/11\/Fino-Capataz-Vino-Bodegas-Alvear-Saint-Vincent-Wine-691x1024.jpg 691w, https:\/\/saintvincentwine.com\/wp-content\/uploads\/2025\/11\/Fino-Capataz-Vino-Bodegas-Alvear-Saint-Vincent-Wine-202x300.jpg 202w, https:\/\/saintvincentwine.com\/wp-content\/uploads\/2025\/11\/Fino-Capataz-Vino-Bodegas-Alvear-Saint-Vincent-Wine-2000x2966.jpg 2000w, https:\/\/saintvincentwine.com\/wp-content\/uploads\/2025\/11\/Fino-Capataz-Vino-Bodegas-Alvear-Saint-Vincent-Wine-scaled.jpg 1726w\" sizes=\"(max-width: 691px) 100vw, 691px\" \/><\/figure>\n\n\n\n<figure class=\"wp-block-image size-large is-style-default\"><img loading=\"lazy\" decoding=\"async\" width=\"687\" height=\"1024\" data-id=\"1910\" src=\"https:\/\/saintvincentwine.com\/wp-content\/uploads\/2025\/11\/Palo-cortado-n7-vino-Bodegas-Alvear-Saint-Vincent-Wine-687x1024.jpg\" alt=\"\" class=\"wp-image-1910\" srcset=\"https:\/\/saintvincentwine.com\/wp-content\/uploads\/2025\/11\/Palo-cortado-n7-vino-Bodegas-Alvear-Saint-Vincent-Wine-687x1024.jpg 687w, https:\/\/saintvincentwine.com\/wp-content\/uploads\/2025\/11\/Palo-cortado-n7-vino-Bodegas-Alvear-Saint-Vincent-Wine-201x300.jpg 201w, https:\/\/saintvincentwine.com\/wp-content\/uploads\/2025\/11\/Palo-cortado-n7-vino-Bodegas-Alvear-Saint-Vincent-Wine-2000x2980.jpg 2000w, https:\/\/saintvincentwine.com\/wp-content\/uploads\/2025\/11\/Palo-cortado-n7-vino-Bodegas-Alvear-Saint-Vincent-Wine-scaled.jpg 1718w\" sizes=\"(max-width: 687px) 100vw, 687px\" \/><\/figure>\n<\/figure>\n\n\n\n<p class=\"has-large-font-size\">BODEGAS ALANGE S.A. D.O. RIBERA DEL GUADIANA<\/p>\n\n\n\n<p><\/p>\n\n\n\n<figure class=\"wp-block-gallery has-nested-images columns-default is-cropped wp-block-gallery-7 is-layout-flex wp-block-gallery-is-layout-flex\">\n<figure class=\"wp-block-image size-large is-style-default\"><img loading=\"lazy\" decoding=\"async\" width=\"683\" height=\"1024\" data-id=\"1915\" src=\"https:\/\/saintvincentwine.com\/wp-content\/uploads\/2025\/11\/PQ-Vendimia-Seleccionada-Tempranin\u0303o-tinto-Vin\u0303as-Alange-Saint-Vincent-Wine-683x1024.jpg\" alt=\"\" class=\"wp-image-1915\" srcset=\"https:\/\/saintvincentwine.com\/wp-content\/uploads\/2025\/11\/PQ-Vendimia-Seleccionada-Tempranin\u0303o-tinto-Vin\u0303as-Alange-Saint-Vincent-Wine-683x1024.jpg 683w, https:\/\/saintvincentwine.com\/wp-content\/uploads\/2025\/11\/PQ-Vendimia-Seleccionada-Tempranin\u0303o-tinto-Vin\u0303as-Alange-Saint-Vincent-Wine-200x300.jpg 200w, https:\/\/saintvincentwine.com\/wp-content\/uploads\/2025\/11\/PQ-Vendimia-Seleccionada-Tempranin\u0303o-tinto-Vin\u0303as-Alange-Saint-Vincent-Wine-2000x3000.jpg 2000w, https:\/\/saintvincentwine.com\/wp-content\/uploads\/2025\/11\/PQ-Vendimia-Seleccionada-Tempranin\u0303o-tinto-Vin\u0303as-Alange-Saint-Vincent-Wine-scaled.jpg 1707w\" sizes=\"(max-width: 683px) 100vw, 683px\" \/><\/figure>\n\n\n\n<figure class=\"wp-block-image size-large is-style-default\"><img loading=\"lazy\" decoding=\"async\" width=\"683\" height=\"1024\" data-id=\"1914\" src=\"https:\/\/saintvincentwine.com\/wp-content\/uploads\/2025\/11\/Palacio-Quemado-La-Zarzita-Bodegas-Alange-Saint-Vincent-Wine-683x1024.png\" alt=\"\" class=\"wp-image-1914\" srcset=\"https:\/\/saintvincentwine.com\/wp-content\/uploads\/2025\/11\/Palacio-Quemado-La-Zarzita-Bodegas-Alange-Saint-Vincent-Wine-683x1024.png 683w, https:\/\/saintvincentwine.com\/wp-content\/uploads\/2025\/11\/Palacio-Quemado-La-Zarzita-Bodegas-Alange-Saint-Vincent-Wine-200x300.png 200w, https:\/\/saintvincentwine.com\/wp-content\/uploads\/2025\/11\/Palacio-Quemado-La-Zarzita-Bodegas-Alange-Saint-Vincent-Wine.png 1024w\" sizes=\"(max-width: 683px) 100vw, 683px\" \/><\/figure>\n<\/figure>\n\n\n\n<p><\/p>\n\n\n\n<p class=\"has-large-font-size\"><a href=\"https:\/\/bodegatesalia.com\/\" target=\"_blank\" rel=\"noreferrer noopener\">BODEGAS TESALIA S.L. I.G.P. VINO DE LA TIERRA DE C\u00c1DIZ<\/a><\/p>\n\n\n\n<p style=\"font-size:clamp(14px, 0.875rem + ((1vw - 3.2px) * 0.265), 17px);\"><\/p>\n\n\n\n<figure class=\"wp-block-gallery has-nested-images columns-default is-cropped wp-block-gallery-8 is-layout-flex wp-block-gallery-is-layout-flex\">\n<figure class=\"wp-block-image size-large is-style-default\"><img loading=\"lazy\" decoding=\"async\" width=\"683\" height=\"1024\" data-id=\"1916\" src=\"https:\/\/saintvincentwine.com\/wp-content\/uploads\/2025\/11\/ARX-tinto-tintilla-de-rota-Bodegas-Tesalia-Saint-Vincent-Wine-2-683x1024.jpg\" alt=\"\" class=\"wp-image-1916\" srcset=\"https:\/\/saintvincentwine.com\/wp-content\/uploads\/2025\/11\/ARX-tinto-tintilla-de-rota-Bodegas-Tesalia-Saint-Vincent-Wine-2-683x1024.jpg 683w, https:\/\/saintvincentwine.com\/wp-content\/uploads\/2025\/11\/ARX-tinto-tintilla-de-rota-Bodegas-Tesalia-Saint-Vincent-Wine-2-200x300.jpg 200w, https:\/\/saintvincentwine.com\/wp-content\/uploads\/2025\/11\/ARX-tinto-tintilla-de-rota-Bodegas-Tesalia-Saint-Vincent-Wine-2-2000x3000.jpg 2000w, https:\/\/saintvincentwine.com\/wp-content\/uploads\/2025\/11\/ARX-tinto-tintilla-de-rota-Bodegas-Tesalia-Saint-Vincent-Wine-2-scaled.jpg 1707w\" sizes=\"(max-width: 683px) 100vw, 683px\" \/><\/figure>\n\n\n\n<figure class=\"wp-block-image size-large is-style-default\"><img loading=\"lazy\" decoding=\"async\" width=\"683\" height=\"1024\" data-id=\"1917\" src=\"https:\/\/saintvincentwine.com\/wp-content\/uploads\/2025\/11\/Iceni-tinto-tintillo-de-rota-Bodegas-Tesalia-Saint-Vincent-Wine-683x1024.jpg\" alt=\"\" class=\"wp-image-1917\" srcset=\"https:\/\/saintvincentwine.com\/wp-content\/uploads\/2025\/11\/Iceni-tinto-tintillo-de-rota-Bodegas-Tesalia-Saint-Vincent-Wine-683x1024.jpg 683w, https:\/\/saintvincentwine.com\/wp-content\/uploads\/2025\/11\/Iceni-tinto-tintillo-de-rota-Bodegas-Tesalia-Saint-Vincent-Wine-200x300.jpg 200w, https:\/\/saintvincentwine.com\/wp-content\/uploads\/2025\/11\/Iceni-tinto-tintillo-de-rota-Bodegas-Tesalia-Saint-Vincent-Wine-2000x3001.jpg 2000w, https:\/\/saintvincentwine.com\/wp-content\/uploads\/2025\/11\/Iceni-tinto-tintillo-de-rota-Bodegas-Tesalia-Saint-Vincent-Wine-scaled.jpg 1706w\" sizes=\"(max-width: 683px) 100vw, 683px\" \/><\/figure>\n\n\n\n<figure class=\"wp-block-image size-large is-style-default\"><img loading=\"lazy\" decoding=\"async\" width=\"683\" height=\"1024\" data-id=\"1918\" src=\"https:\/\/saintvincentwine.com\/wp-content\/uploads\/2025\/11\/Tesalia-tinto-Petit-Verdot-Bodegas-Tesalia-Saint-Vincent-Wine-2-683x1024.jpg\" alt=\"\" class=\"wp-image-1918\" srcset=\"https:\/\/saintvincentwine.com\/wp-content\/uploads\/2025\/11\/Tesalia-tinto-Petit-Verdot-Bodegas-Tesalia-Saint-Vincent-Wine-2-683x1024.jpg 683w, https:\/\/saintvincentwine.com\/wp-content\/uploads\/2025\/11\/Tesalia-tinto-Petit-Verdot-Bodegas-Tesalia-Saint-Vincent-Wine-2-200x300.jpg 200w, https:\/\/saintvincentwine.com\/wp-content\/uploads\/2025\/11\/Tesalia-tinto-Petit-Verdot-Bodegas-Tesalia-Saint-Vincent-Wine-2-2000x3000.jpg 2000w, https:\/\/saintvincentwine.com\/wp-content\/uploads\/2025\/11\/Tesalia-tinto-Petit-Verdot-Bodegas-Tesalia-Saint-Vincent-Wine-2-scaled.jpg 1707w\" sizes=\"(max-width: 683px) 100vw, 683px\" \/><\/figure>\n<\/figure>\n\n\n\n<p><\/p>\n\n\n\n<h2 class=\"wp-block-heading has-white-color has-primary-background-color has-text-color has-background has-link-color wp-elements-54ceaa61aaf1aaf203793d49384c2828\" style=\"text-transform:uppercase\">Portugal<\/h2>\n\n\n\n<p class=\"has-large-font-size\"><a href=\"https:\/\/ruimadeira.pt\/welcome\/\">RUI ROBOREDO MADEIRA VINHOS S.A. D.O BEIRA INTERIOR <\/a><\/p>\n\n\n\n<p style=\"font-size:clamp(14px, 0.875rem + ((1vw - 3.2px) * 0.265), 17px);\"><\/p>\n\n\n\n<figure class=\"wp-block-gallery has-nested-images columns-default is-cropped wp-block-gallery-9 is-layout-flex wp-block-gallery-is-layout-flex\">\n<figure class=\"wp-block-image size-large is-style-default\"><img loading=\"lazy\" decoding=\"async\" width=\"702\" height=\"1024\" data-id=\"1925\" src=\"https:\/\/saintvincentwine.com\/wp-content\/uploads\/2025\/11\/Altos-da-Beira-vino-blanco-Rui-Roboredo-Madeira-Saint-Vincent-Wine-702x1024.jpg\" alt=\"\" class=\"wp-image-1925\" srcset=\"https:\/\/saintvincentwine.com\/wp-content\/uploads\/2025\/11\/Altos-da-Beira-vino-blanco-Rui-Roboredo-Madeira-Saint-Vincent-Wine-702x1024.jpg 702w, https:\/\/saintvincentwine.com\/wp-content\/uploads\/2025\/11\/Altos-da-Beira-vino-blanco-Rui-Roboredo-Madeira-Saint-Vincent-Wine-206x300.jpg 206w, https:\/\/saintvincentwine.com\/wp-content\/uploads\/2025\/11\/Altos-da-Beira-vino-blanco-Rui-Roboredo-Madeira-Saint-Vincent-Wine-2000x2915.jpg 2000w, https:\/\/saintvincentwine.com\/wp-content\/uploads\/2025\/11\/Altos-da-Beira-vino-blanco-Rui-Roboredo-Madeira-Saint-Vincent-Wine-scaled.jpg 1756w\" sizes=\"(max-width: 702px) 100vw, 702px\" \/><\/figure>\n\n\n\n<figure class=\"wp-block-image size-large is-style-default\"><img loading=\"lazy\" decoding=\"async\" width=\"688\" height=\"1024\" data-id=\"1926\" src=\"https:\/\/saintvincentwine.com\/wp-content\/uploads\/2025\/11\/Altos-da-Beira-vino-tinto-Tinta-rotiz-toriga-nacional-terras-da-beira-Rui-Roboredo-Madeira-Vinhos-Saint-Vincent-Wine-688x1024.jpg\" alt=\"\" class=\"wp-image-1926\" srcset=\"https:\/\/saintvincentwine.com\/wp-content\/uploads\/2025\/11\/Altos-da-Beira-vino-tinto-Tinta-rotiz-toriga-nacional-terras-da-beira-Rui-Roboredo-Madeira-Vinhos-Saint-Vincent-Wine-688x1024.jpg 688w, https:\/\/saintvincentwine.com\/wp-content\/uploads\/2025\/11\/Altos-da-Beira-vino-tinto-Tinta-rotiz-toriga-nacional-terras-da-beira-Rui-Roboredo-Madeira-Vinhos-Saint-Vincent-Wine-201x300.jpg 201w, https:\/\/saintvincentwine.com\/wp-content\/uploads\/2025\/11\/Altos-da-Beira-vino-tinto-Tinta-rotiz-toriga-nacional-terras-da-beira-Rui-Roboredo-Madeira-Vinhos-Saint-Vincent-Wine-2000x2979.jpg 2000w, https:\/\/saintvincentwine.com\/wp-content\/uploads\/2025\/11\/Altos-da-Beira-vino-tinto-Tinta-rotiz-toriga-nacional-terras-da-beira-Rui-Roboredo-Madeira-Vinhos-Saint-Vincent-Wine-scaled.jpg 1719w\" sizes=\"(max-width: 688px) 100vw, 688px\" \/><\/figure>\n<\/figure>\n\n\n\n<p><\/p>\n\n\n\n<p class=\"has-large-font-size\"><a href=\"https:\/\/www.casasantoslima.com\/\" data-type=\"URL\" data-id=\"https:\/\/www.casasantoslima.com\/\" target=\"_blank\" rel=\"noreferrer noopener\">CASA SANTOS LIMA, COMPA\u00d1\u00cdA DE VINHAS S.A. VINHOS DE LISBOA<\/a><\/p>\n\n\n\n<p style=\"font-size:clamp(14px, 0.875rem + ((1vw - 3.2px) * 0.265), 17px);\"><\/p>\n\n\n\n<figure class=\"wp-block-gallery has-nested-images columns-default is-cropped wp-block-gallery-10 is-layout-flex wp-block-gallery-is-layout-flex\">\n<figure class=\"wp-block-image size-large is-style-default\"><img loading=\"lazy\" decoding=\"async\" width=\"705\" height=\"1024\" data-id=\"1937\" src=\"https:\/\/saintvincentwine.com\/wp-content\/uploads\/2025\/11\/LAB-Tinto-Casa-Santos-Lima-Saint-Vincent-WineJPG-705x1024.jpg\" alt=\"\" class=\"wp-image-1937\" srcset=\"https:\/\/saintvincentwine.com\/wp-content\/uploads\/2025\/11\/LAB-Tinto-Casa-Santos-Lima-Saint-Vincent-WineJPG-705x1024.jpg 705w, https:\/\/saintvincentwine.com\/wp-content\/uploads\/2025\/11\/LAB-Tinto-Casa-Santos-Lima-Saint-Vincent-WineJPG-206x300.jpg 206w, https:\/\/saintvincentwine.com\/wp-content\/uploads\/2025\/11\/LAB-Tinto-Casa-Santos-Lima-Saint-Vincent-WineJPG-2000x2907.jpg 2000w, https:\/\/saintvincentwine.com\/wp-content\/uploads\/2025\/11\/LAB-Tinto-Casa-Santos-Lima-Saint-Vincent-WineJPG-scaled.jpg 1762w\" sizes=\"(max-width: 705px) 100vw, 705px\" \/><figcaption class=\"wp-element-caption\">LAB ros\u00e9<\/figcaption><\/figure>\n\n\n\n<figure class=\"wp-block-image size-large is-style-default\"><img loading=\"lazy\" decoding=\"async\" width=\"674\" height=\"1024\" data-id=\"1938\" src=\"https:\/\/saintvincentwine.com\/wp-content\/uploads\/2025\/11\/LAB-Vino-blanco-Casa-Santos-Lima-Saint-Vincent-Wine-674x1024.jpg\" alt=\"\" class=\"wp-image-1938\" srcset=\"https:\/\/saintvincentwine.com\/wp-content\/uploads\/2025\/11\/LAB-Vino-blanco-Casa-Santos-Lima-Saint-Vincent-Wine-674x1024.jpg 674w, https:\/\/saintvincentwine.com\/wp-content\/uploads\/2025\/11\/LAB-Vino-blanco-Casa-Santos-Lima-Saint-Vincent-Wine-197x300.jpg 197w, https:\/\/saintvincentwine.com\/wp-content\/uploads\/2025\/11\/LAB-Vino-blanco-Casa-Santos-Lima-Saint-Vincent-Wine-2000x3039.jpg 2000w, https:\/\/saintvincentwine.com\/wp-content\/uploads\/2025\/11\/LAB-Vino-blanco-Casa-Santos-Lima-Saint-Vincent-Wine-scaled.jpg 1685w\" sizes=\"(max-width: 674px) 100vw, 674px\" \/><\/figure>\n\n\n\n<figure class=\"wp-block-image size-large is-style-default\"><img loading=\"lazy\" decoding=\"async\" width=\"683\" height=\"1024\" data-id=\"1936\" src=\"https:\/\/saintvincentwine.com\/wp-content\/uploads\/2025\/11\/LAB-rose\u0301-Casa-SAntos-Lima-Saint-Vincent-Wine-683x1024.jpg\" alt=\"\" class=\"wp-image-1936\" srcset=\"https:\/\/saintvincentwine.com\/wp-content\/uploads\/2025\/11\/LAB-rose\u0301-Casa-SAntos-Lima-Saint-Vincent-Wine-683x1024.jpg 683w, https:\/\/saintvincentwine.com\/wp-content\/uploads\/2025\/11\/LAB-rose\u0301-Casa-SAntos-Lima-Saint-Vincent-Wine-200x300.jpg 200w, https:\/\/saintvincentwine.com\/wp-content\/uploads\/2025\/11\/LAB-rose\u0301-Casa-SAntos-Lima-Saint-Vincent-Wine-2000x3001.jpg 2000w, https:\/\/saintvincentwine.com\/wp-content\/uploads\/2025\/11\/LAB-rose\u0301-Casa-SAntos-Lima-Saint-Vincent-Wine-scaled.jpg 1706w\" sizes=\"(max-width: 683px) 100vw, 683px\" \/><figcaption class=\"wp-element-caption\">LAB ros\u00e9<\/figcaption><\/figure>\n\n\n\n<figure class=\"wp-block-image size-large is-style-default\"><img loading=\"lazy\" decoding=\"async\" width=\"677\" height=\"1024\" data-id=\"1939\" src=\"https:\/\/saintvincentwine.com\/wp-content\/uploads\/2025\/11\/Monte-das-Promessas-vino-tinto-Casa-Santos-Lima-Saint-Vincent-Wine-677x1024.jpg\" alt=\"\" class=\"wp-image-1939\" srcset=\"https:\/\/saintvincentwine.com\/wp-content\/uploads\/2025\/11\/Monte-das-Promessas-vino-tinto-Casa-Santos-Lima-Saint-Vincent-Wine-677x1024.jpg 677w, https:\/\/saintvincentwine.com\/wp-content\/uploads\/2025\/11\/Monte-das-Promessas-vino-tinto-Casa-Santos-Lima-Saint-Vincent-Wine-198x300.jpg 198w, https:\/\/saintvincentwine.com\/wp-content\/uploads\/2025\/11\/Monte-das-Promessas-vino-tinto-Casa-Santos-Lima-Saint-Vincent-Wine-2000x3023.jpg 2000w, https:\/\/saintvincentwine.com\/wp-content\/uploads\/2025\/11\/Monte-das-Promessas-vino-tinto-Casa-Santos-Lima-Saint-Vincent-Wine-scaled.jpg 1694w\" sizes=\"(max-width: 677px) 100vw, 677px\" \/><\/figure>\n\n\n\n<figure class=\"wp-block-image size-large is-style-default\"><img loading=\"lazy\" decoding=\"async\" width=\"698\" height=\"1024\" data-id=\"1940\" src=\"https:\/\/saintvincentwine.com\/wp-content\/uploads\/2025\/11\/Rabo-de-Galo-vino-tinto-Casa-Santos-Lima-Saint-Vincent-Wine-698x1024.jpg\" alt=\"\" class=\"wp-image-1940\" srcset=\"https:\/\/saintvincentwine.com\/wp-content\/uploads\/2025\/11\/Rabo-de-Galo-vino-tinto-Casa-Santos-Lima-Saint-Vincent-Wine-698x1024.jpg 698w, https:\/\/saintvincentwine.com\/wp-content\/uploads\/2025\/11\/Rabo-de-Galo-vino-tinto-Casa-Santos-Lima-Saint-Vincent-Wine-205x300.jpg 205w, https:\/\/saintvincentwine.com\/wp-content\/uploads\/2025\/11\/Rabo-de-Galo-vino-tinto-Casa-Santos-Lima-Saint-Vincent-Wine-2000x2933.jpg 2000w, https:\/\/saintvincentwine.com\/wp-content\/uploads\/2025\/11\/Rabo-de-Galo-vino-tinto-Casa-Santos-Lima-Saint-Vincent-Wine-scaled.jpg 1745w\" sizes=\"(max-width: 698px) 100vw, 698px\" \/><\/figure>\n\n\n\n<figure class=\"wp-block-image size-large is-style-rounded\"><img loading=\"lazy\" decoding=\"async\" width=\"694\" height=\"1024\" data-id=\"1941\" src=\"https:\/\/saintvincentwine.com\/wp-content\/uploads\/2025\/11\/Touriz-vino-tinto-Casa-Santos-Lima-Saint-Vincent-Wine-694x1024.jpg\" alt=\"\" class=\"wp-image-1941\" srcset=\"https:\/\/saintvincentwine.com\/wp-content\/uploads\/2025\/11\/Touriz-vino-tinto-Casa-Santos-Lima-Saint-Vincent-Wine-694x1024.jpg 694w, https:\/\/saintvincentwine.com\/wp-content\/uploads\/2025\/11\/Touriz-vino-tinto-Casa-Santos-Lima-Saint-Vincent-Wine-203x300.jpg 203w, https:\/\/saintvincentwine.com\/wp-content\/uploads\/2025\/11\/Touriz-vino-tinto-Casa-Santos-Lima-Saint-Vincent-Wine-2000x2950.jpg 2000w, https:\/\/saintvincentwine.com\/wp-content\/uploads\/2025\/11\/Touriz-vino-tinto-Casa-Santos-Lima-Saint-Vincent-Wine-scaled.jpg 1736w\" sizes=\"(max-width: 694px) 100vw, 694px\" \/><\/figure>\n\n\n\n<figure class=\"wp-block-image size-large is-style-default\"><img loading=\"lazy\" decoding=\"async\" width=\"755\" height=\"1024\" data-id=\"1942\" src=\"https:\/\/saintvincentwine.com\/wp-content\/uploads\/2025\/11\/Coccinela-vino-tinto-orga\u0301nico-Casa-SAntos-Lima-Saint-Vincent-Wine-755x1024.jpg\" alt=\"\" class=\"wp-image-1942\" srcset=\"https:\/\/saintvincentwine.com\/wp-content\/uploads\/2025\/11\/Coccinela-vino-tinto-orga\u0301nico-Casa-SAntos-Lima-Saint-Vincent-Wine-755x1024.jpg 755w, https:\/\/saintvincentwine.com\/wp-content\/uploads\/2025\/11\/Coccinela-vino-tinto-orga\u0301nico-Casa-SAntos-Lima-Saint-Vincent-Wine-221x300.jpg 221w, https:\/\/saintvincentwine.com\/wp-content\/uploads\/2025\/11\/Coccinela-vino-tinto-orga\u0301nico-Casa-SAntos-Lima-Saint-Vincent-Wine-2000x2711.jpg 2000w, https:\/\/saintvincentwine.com\/wp-content\/uploads\/2025\/11\/Coccinela-vino-tinto-orga\u0301nico-Casa-SAntos-Lima-Saint-Vincent-Wine-scaled.jpg 1888w\" sizes=\"(max-width: 755px) 100vw, 755px\" \/><\/figure>\n\n\n\n<figure class=\"wp-block-image size-large is-style-default\"><img loading=\"lazy\" decoding=\"async\" width=\"691\" height=\"1024\" data-id=\"1943\" src=\"https:\/\/saintvincentwine.com\/wp-content\/uploads\/2025\/11\/Coccinela-vino-blanco-orga\u0301nico-Casa-Santos-Lima-Saint-Vincent-Wine-691x1024.jpg\" alt=\"\" class=\"wp-image-1943\" srcset=\"https:\/\/saintvincentwine.com\/wp-content\/uploads\/2025\/11\/Coccinela-vino-blanco-orga\u0301nico-Casa-Santos-Lima-Saint-Vincent-Wine-691x1024.jpg 691w, https:\/\/saintvincentwine.com\/wp-content\/uploads\/2025\/11\/Coccinela-vino-blanco-orga\u0301nico-Casa-Santos-Lima-Saint-Vincent-Wine-202x300.jpg 202w, https:\/\/saintvincentwine.com\/wp-content\/uploads\/2025\/11\/Coccinela-vino-blanco-orga\u0301nico-Casa-Santos-Lima-Saint-Vincent-Wine-2000x2966.jpg 2000w, https:\/\/saintvincentwine.com\/wp-content\/uploads\/2025\/11\/Coccinela-vino-blanco-orga\u0301nico-Casa-Santos-Lima-Saint-Vincent-Wine-scaled.jpg 1726w\" sizes=\"(max-width: 691px) 100vw, 691px\" \/><\/figure>\n<\/figure>\n\n\n\n<p style=\"font-size:clamp(14px, 0.875rem + ((1vw - 3.2px) * 0.265), 17px);\"><\/p>\n\n\n\n<p class=\"has-large-font-size\"><a href=\"https:\/\/quintadeporrais.com\/\" data-type=\"URL\" data-id=\"https:\/\/quintadeporrais.com\/\" target=\"_blank\" rel=\"noreferrer noopener\">SOC. AGRICOLA QUINTA DO PORRAIS, LDA. DOC DOURO<\/a><\/p>\n\n\n\n<p style=\"font-size:clamp(14px, 0.875rem + ((1vw - 3.2px) * 0.265), 17px);\"><\/p>\n\n\n\n<figure class=\"wp-block-gallery has-nested-images columns-default is-cropped wp-block-gallery-11 is-layout-flex wp-block-gallery-is-layout-flex\">\n<figure class=\"wp-block-image size-large is-style-default\"><img loading=\"lazy\" decoding=\"async\" width=\"683\" height=\"1024\" data-id=\"1946\" src=\"https:\/\/saintvincentwine.com\/wp-content\/uploads\/2025\/11\/Porrais-vino-tinto-Quinta-do-Porrais-Saint-Vincent-Wine-683x1024.png\" alt=\"\" class=\"wp-image-1946\" srcset=\"https:\/\/saintvincentwine.com\/wp-content\/uploads\/2025\/11\/Porrais-vino-tinto-Quinta-do-Porrais-Saint-Vincent-Wine-683x1024.png 683w, https:\/\/saintvincentwine.com\/wp-content\/uploads\/2025\/11\/Porrais-vino-tinto-Quinta-do-Porrais-Saint-Vincent-Wine-200x300.png 200w, https:\/\/saintvincentwine.com\/wp-content\/uploads\/2025\/11\/Porrais-vino-tinto-Quinta-do-Porrais-Saint-Vincent-Wine.png 1024w\" sizes=\"(max-width: 683px) 100vw, 683px\" \/><\/figure>\n\n\n\n<figure class=\"wp-block-image size-large is-style-default\"><img loading=\"lazy\" decoding=\"async\" width=\"683\" height=\"1024\" data-id=\"1945\" src=\"https:\/\/saintvincentwine.com\/wp-content\/uploads\/2025\/11\/Porrais-vino-blanco-Quita-do-Porrais-Saint-Vincent-Wine-683x1024.png\" alt=\"\" class=\"wp-image-1945\" srcset=\"https:\/\/saintvincentwine.com\/wp-content\/uploads\/2025\/11\/Porrais-vino-blanco-Quita-do-Porrais-Saint-Vincent-Wine-683x1024.png 683w, https:\/\/saintvincentwine.com\/wp-content\/uploads\/2025\/11\/Porrais-vino-blanco-Quita-do-Porrais-Saint-Vincent-Wine-200x300.png 200w, https:\/\/saintvincentwine.com\/wp-content\/uploads\/2025\/11\/Porrais-vino-blanco-Quita-do-Porrais-Saint-Vincent-Wine.png 1024w\" sizes=\"(max-width: 683px) 100vw, 683px\" \/><\/figure>\n<\/figure>\n\n\n\n<p style=\"font-size:clamp(14px, 0.875rem + ((1vw - 3.2px) * 0.265), 17px);\"><\/p>\n\n\n\n<p class=\"has-large-font-size\"><a href=\"https:\/\/casadevilaverde.pt\/pt\/\" target=\"_blank\" rel=\"noreferrer noopener\">QUINTAS DO HOMEM LDA DOC VINHO VERDE<\/a><\/p>\n\n\n\n<p><\/p>\n\n\n\n<figure class=\"wp-block-gallery has-nested-images columns-default is-cropped wp-block-gallery-12 is-layout-flex wp-block-gallery-is-layout-flex\">\n<figure class=\"wp-block-image size-large is-style-default\"><img loading=\"lazy\" decoding=\"async\" width=\"679\" height=\"1024\" data-id=\"1948\" src=\"https:\/\/saintvincentwine.com\/wp-content\/uploads\/2025\/11\/Vale-do-Homem-vino-blanco-Pet-Nat-Quintas-do-Homem-Saint-Vincent-Wine-2-679x1024.jpg\" alt=\"\" class=\"wp-image-1948\" srcset=\"https:\/\/saintvincentwine.com\/wp-content\/uploads\/2025\/11\/Vale-do-Homem-vino-blanco-Pet-Nat-Quintas-do-Homem-Saint-Vincent-Wine-2-679x1024.jpg 679w, https:\/\/saintvincentwine.com\/wp-content\/uploads\/2025\/11\/Vale-do-Homem-vino-blanco-Pet-Nat-Quintas-do-Homem-Saint-Vincent-Wine-2-199x300.jpg 199w, https:\/\/saintvincentwine.com\/wp-content\/uploads\/2025\/11\/Vale-do-Homem-vino-blanco-Pet-Nat-Quintas-do-Homem-Saint-Vincent-Wine-2-2000x3017.jpg 2000w, https:\/\/saintvincentwine.com\/wp-content\/uploads\/2025\/11\/Vale-do-Homem-vino-blanco-Pet-Nat-Quintas-do-Homem-Saint-Vincent-Wine-2-scaled.jpg 1697w\" sizes=\"(max-width: 679px) 100vw, 679px\" \/><\/figure>\n\n\n\n<figure class=\"wp-block-image size-large is-style-default\"><img loading=\"lazy\" decoding=\"async\" width=\"683\" height=\"1024\" data-id=\"1949\" src=\"https:\/\/saintvincentwine.com\/wp-content\/uploads\/2025\/11\/Vale-do-Homem-vino-blanco-Quintas-do-Homem-Saint-Vincent-Wine-2-683x1024.jpg\" alt=\"\" class=\"wp-image-1949\" srcset=\"https:\/\/saintvincentwine.com\/wp-content\/uploads\/2025\/11\/Vale-do-Homem-vino-blanco-Quintas-do-Homem-Saint-Vincent-Wine-2-683x1024.jpg 683w, https:\/\/saintvincentwine.com\/wp-content\/uploads\/2025\/11\/Vale-do-Homem-vino-blanco-Quintas-do-Homem-Saint-Vincent-Wine-2-200x300.jpg 200w, https:\/\/saintvincentwine.com\/wp-content\/uploads\/2025\/11\/Vale-do-Homem-vino-blanco-Quintas-do-Homem-Saint-Vincent-Wine-2-2000x3000.jpg 2000w, https:\/\/saintvincentwine.com\/wp-content\/uploads\/2025\/11\/Vale-do-Homem-vino-blanco-Quintas-do-Homem-Saint-Vincent-Wine-2-scaled.jpg 1707w\" sizes=\"(max-width: 683px) 100vw, 683px\" \/><\/figure>\n\n\n\n<figure class=\"wp-block-image size-large is-style-default\"><img loading=\"lazy\" decoding=\"async\" width=\"683\" height=\"1024\" data-id=\"1950\" src=\"https:\/\/saintvincentwine.com\/wp-content\/uploads\/2025\/11\/Vale-do-Homem-vino-tinto-Quintas-do-Homem-Saintn-Vincent-Wine-2-683x1024.jpg\" alt=\"\" class=\"wp-image-1950\" srcset=\"https:\/\/saintvincentwine.com\/wp-content\/uploads\/2025\/11\/Vale-do-Homem-vino-tinto-Quintas-do-Homem-Saintn-Vincent-Wine-2-683x1024.jpg 683w, https:\/\/saintvincentwine.com\/wp-content\/uploads\/2025\/11\/Vale-do-Homem-vino-tinto-Quintas-do-Homem-Saintn-Vincent-Wine-2-200x300.jpg 200w, https:\/\/saintvincentwine.com\/wp-content\/uploads\/2025\/11\/Vale-do-Homem-vino-tinto-Quintas-do-Homem-Saintn-Vincent-Wine-2-2000x3000.jpg 2000w, https:\/\/saintvincentwine.com\/wp-content\/uploads\/2025\/11\/Vale-do-Homem-vino-tinto-Quintas-do-Homem-Saintn-Vincent-Wine-2-scaled.jpg 1707w\" sizes=\"(max-width: 683px) 100vw, 683px\" \/><\/figure>\n<\/figure>\n\n\n\n<p class=\"has-large-font-size\"><a href=\"https:\/\/casadevilaverde.pt\/pt\/\" target=\"_blank\" rel=\"noreferrer noopener\">CASA VILA VERDE &#8211; SOC. AGRICOLA LDA DOC VINHO VERDE<\/a><\/p>\n\n\n\n<p style=\"font-size:clamp(14px, 0.875rem + ((1vw - 3.2px) * 0.265), 17px);\"><\/p>\n\n\n\n<figure class=\"wp-block-gallery has-nested-images columns-4 is-cropped wp-block-gallery-13 is-layout-flex wp-block-gallery-is-layout-flex\">\n<figure class=\"wp-block-image size-large is-style-default\"><img loading=\"lazy\" decoding=\"async\" width=\"683\" height=\"1024\" data-id=\"1956\" src=\"https:\/\/saintvincentwine.com\/wp-content\/uploads\/2025\/11\/Casa-Vila-Verde-vino-blanco-Alvarinho-Saint-Vincent-Wine-683x1024.jpg\" alt=\"\" class=\"wp-image-1956\" srcset=\"https:\/\/saintvincentwine.com\/wp-content\/uploads\/2025\/11\/Casa-Vila-Verde-vino-blanco-Alvarinho-Saint-Vincent-Wine-683x1024.jpg 683w, https:\/\/saintvincentwine.com\/wp-content\/uploads\/2025\/11\/Casa-Vila-Verde-vino-blanco-Alvarinho-Saint-Vincent-Wine-200x300.jpg 200w, https:\/\/saintvincentwine.com\/wp-content\/uploads\/2025\/11\/Casa-Vila-Verde-vino-blanco-Alvarinho-Saint-Vincent-Wine-2000x3000.jpg 2000w, https:\/\/saintvincentwine.com\/wp-content\/uploads\/2025\/11\/Casa-Vila-Verde-vino-blanco-Alvarinho-Saint-Vincent-Wine-scaled.jpg 1707w\" sizes=\"(max-width: 683px) 100vw, 683px\" \/><\/figure>\n\n\n\n<figure class=\"wp-block-image size-large is-style-default\"><img loading=\"lazy\" decoding=\"async\" width=\"683\" height=\"1024\" data-id=\"1954\" src=\"https:\/\/saintvincentwine.com\/wp-content\/uploads\/2025\/11\/Escapada-vino-blanco-Casa-Vila-Verde-Saintn-Vincent-Wine-683x1024.jpg\" alt=\"\" class=\"wp-image-1954\" srcset=\"https:\/\/saintvincentwine.com\/wp-content\/uploads\/2025\/11\/Escapada-vino-blanco-Casa-Vila-Verde-Saintn-Vincent-Wine-683x1024.jpg 683w, https:\/\/saintvincentwine.com\/wp-content\/uploads\/2025\/11\/Escapada-vino-blanco-Casa-Vila-Verde-Saintn-Vincent-Wine-200x300.jpg 200w, https:\/\/saintvincentwine.com\/wp-content\/uploads\/2025\/11\/Escapada-vino-blanco-Casa-Vila-Verde-Saintn-Vincent-Wine-2000x3000.jpg 2000w, https:\/\/saintvincentwine.com\/wp-content\/uploads\/2025\/11\/Escapada-vino-blanco-Casa-Vila-Verde-Saintn-Vincent-Wine-scaled.jpg 1707w\" sizes=\"(max-width: 683px) 100vw, 683px\" \/><\/figure>\n\n\n\n<figure class=\"wp-block-image size-large is-style-default\"><img loading=\"lazy\" decoding=\"async\" width=\"682\" height=\"1024\" data-id=\"1953\" src=\"https:\/\/saintvincentwine.com\/wp-content\/uploads\/2025\/11\/Escapada-rosse-vino-rosado-Casa-Vila-Verde-Saint-Vincent-Wine-682x1024.jpg\" alt=\"\" class=\"wp-image-1953\" srcset=\"https:\/\/saintvincentwine.com\/wp-content\/uploads\/2025\/11\/Escapada-rosse-vino-rosado-Casa-Vila-Verde-Saint-Vincent-Wine-682x1024.jpg 682w, https:\/\/saintvincentwine.com\/wp-content\/uploads\/2025\/11\/Escapada-rosse-vino-rosado-Casa-Vila-Verde-Saint-Vincent-Wine-200x300.jpg 200w, https:\/\/saintvincentwine.com\/wp-content\/uploads\/2025\/11\/Escapada-rosse-vino-rosado-Casa-Vila-Verde-Saint-Vincent-Wine-2000x3001.jpg 2000w, https:\/\/saintvincentwine.com\/wp-content\/uploads\/2025\/11\/Escapada-rosse-vino-rosado-Casa-Vila-Verde-Saint-Vincent-Wine-scaled.jpg 1706w\" sizes=\"(max-width: 682px) 100vw, 682px\" \/><\/figure>\n\n\n\n<figure class=\"wp-block-image size-large is-style-default\"><img loading=\"lazy\" decoding=\"async\" width=\"683\" height=\"1024\" data-id=\"1955\" src=\"https:\/\/saintvincentwine.com\/wp-content\/uploads\/2025\/11\/LAB-Espumante-vino-espumoso-Casa-Vila-Verde-Saint-Vincent-Wine-683x1024.jpg\" alt=\"\" class=\"wp-image-1955\" srcset=\"https:\/\/saintvincentwine.com\/wp-content\/uploads\/2025\/11\/LAB-Espumante-vino-espumoso-Casa-Vila-Verde-Saint-Vincent-Wine-683x1024.jpg 683w, https:\/\/saintvincentwine.com\/wp-content\/uploads\/2025\/11\/LAB-Espumante-vino-espumoso-Casa-Vila-Verde-Saint-Vincent-Wine-200x300.jpg 200w, https:\/\/saintvincentwine.com\/wp-content\/uploads\/2025\/11\/LAB-Espumante-vino-espumoso-Casa-Vila-Verde-Saint-Vincent-Wine-2000x3001.jpg 2000w, https:\/\/saintvincentwine.com\/wp-content\/uploads\/2025\/11\/LAB-Espumante-vino-espumoso-Casa-Vila-Verde-Saint-Vincent-Wine-scaled.jpg 1706w\" sizes=\"(max-width: 683px) 100vw, 683px\" \/><\/figure>\n<\/figure>\n\n\n\n<p style=\"font-size:clamp(14px, 0.875rem + ((1vw - 3.2px) * 0.265), 17px);\"><\/p>\n\n\n\n<p class=\"has-large-font-size\"><a href=\"https:\/\/henriquesehenriques.pt\/\" data-type=\"URL\" data-id=\"https:\/\/henriquesehenriques.pt\/\" target=\"_blank\" rel=\"noreferrer noopener\">HENRIQUES &amp; HENRIQUES DOC MADEIRA<\/a><\/p>\n\n\n\n<p style=\"font-size:clamp(14px, 0.875rem + ((1vw - 3.2px) * 0.265), 17px);\"><\/p>\n\n\n\n<figure class=\"wp-block-gallery has-nested-images columns-default is-cropped wp-block-gallery-14 is-layout-flex wp-block-gallery-is-layout-flex\">\n<figure class=\"wp-block-image size-large is-style-default\"><img loading=\"lazy\" decoding=\"async\" width=\"872\" height=\"1024\" data-id=\"1960\" src=\"https:\/\/saintvincentwine.com\/wp-content\/uploads\/2025\/11\/Madeira-vino-de-madera-Henriques-Henriques-Saint-Vincent-Wine-872x1024.jpg\" alt=\"\" class=\"wp-image-1960\" srcset=\"https:\/\/saintvincentwine.com\/wp-content\/uploads\/2025\/11\/Madeira-vino-de-madera-Henriques-Henriques-Saint-Vincent-Wine-872x1024.jpg 872w, https:\/\/saintvincentwine.com\/wp-content\/uploads\/2025\/11\/Madeira-vino-de-madera-Henriques-Henriques-Saint-Vincent-Wine-255x300.jpg 255w, https:\/\/saintvincentwine.com\/wp-content\/uploads\/2025\/11\/Madeira-vino-de-madera-Henriques-Henriques-Saint-Vincent-Wine-2000x2349.jpg 2000w\" sizes=\"(max-width: 872px) 100vw, 872px\" \/><\/figure>\n\n\n\n<figure class=\"wp-block-image size-large is-style-default\"><img loading=\"lazy\" decoding=\"async\" width=\"984\" height=\"1024\" data-id=\"1959\" src=\"https:\/\/saintvincentwine.com\/wp-content\/uploads\/2025\/11\/Madeira-Vino-de-Madeira-Henriques-Henriques-Saint-Vincent-Wine-984x1024.jpg\" alt=\"\" class=\"wp-image-1959\" srcset=\"https:\/\/saintvincentwine.com\/wp-content\/uploads\/2025\/11\/Madeira-Vino-de-Madeira-Henriques-Henriques-Saint-Vincent-Wine-984x1024.jpg 984w, https:\/\/saintvincentwine.com\/wp-content\/uploads\/2025\/11\/Madeira-Vino-de-Madeira-Henriques-Henriques-Saint-Vincent-Wine-288x300.jpg 288w, https:\/\/saintvincentwine.com\/wp-content\/uploads\/2025\/11\/Madeira-Vino-de-Madeira-Henriques-Henriques-Saint-Vincent-Wine-2000x2082.jpg 2000w\" sizes=\"(max-width: 984px) 100vw, 984px\" \/><\/figure>\n\n\n\n<figure class=\"wp-block-image size-large is-style-default\"><img loading=\"lazy\" decoding=\"async\" width=\"928\" height=\"1024\" data-id=\"1958\" src=\"https:\/\/saintvincentwine.com\/wp-content\/uploads\/2025\/11\/Madeira-S.Harvest-Henriques-Henriques-Saint-Vincent-Wine-928x1024.jpg\" alt=\"\" class=\"wp-image-1958\" srcset=\"https:\/\/saintvincentwine.com\/wp-content\/uploads\/2025\/11\/Madeira-S.Harvest-Henriques-Henriques-Saint-Vincent-Wine-928x1024.jpg 928w, https:\/\/saintvincentwine.com\/wp-content\/uploads\/2025\/11\/Madeira-S.Harvest-Henriques-Henriques-Saint-Vincent-Wine-272x300.jpg 272w, https:\/\/saintvincentwine.com\/wp-content\/uploads\/2025\/11\/Madeira-S.Harvest-Henriques-Henriques-Saint-Vincent-Wine-2000x2207.jpg 2000w\" sizes=\"(max-width: 928px) 100vw, 928px\" \/><\/figure>\n\n\n\n<figure class=\"wp-block-image size-large is-style-default\"><img loading=\"lazy\" decoding=\"async\" width=\"1024\" height=\"558\" data-id=\"1961\" src=\"https:\/\/saintvincentwine.com\/wp-content\/uploads\/2025\/11\/Henriques-Henriques-Madeira-Saint-Vincent-Wine-2-1024x558.jpg\" alt=\"\" class=\"wp-image-1961\" srcset=\"https:\/\/saintvincentwine.com\/wp-content\/uploads\/2025\/11\/Henriques-Henriques-Madeira-Saint-Vincent-Wine-2-1024x558.jpg 1024w, https:\/\/saintvincentwine.com\/wp-content\/uploads\/2025\/11\/Henriques-Henriques-Madeira-Saint-Vincent-Wine-2-300x164.jpg 300w, https:\/\/saintvincentwine.com\/wp-content\/uploads\/2025\/11\/Henriques-Henriques-Madeira-Saint-Vincent-Wine-2-2000x1090.jpg 2000w\" sizes=\"(max-width: 1024px) 100vw, 1024px\" \/><\/figure>\n<\/figure>\n\n\n\n<h2 class=\"wp-block-heading has-white-color has-primary-background-color has-text-color has-background has-link-color wp-elements-7676697662c94b7f586d5df1e3f29790\" style=\"text-transform:uppercase\">Italia<\/h2>\n\n\n\n<p class=\"has-large-font-size\"><a href=\"https:\/\/bichiborghesi.it\/it\/\" data-type=\"URL\" data-id=\"https:\/\/bichiborghesi.it\/it\/\" target=\"_blank\" rel=\"noreferrer noopener\">BICHI BORGHESI SOCIETA&#8217; AGRICOLA SRL<\/a><\/p>\n\n\n\n<p style=\"font-size:clamp(14px, 0.875rem + ((1vw - 3.2px) * 0.265), 17px);\">Chianti Colli Senesi DOCG Tinto<\/p>\n\n\n\n<figure class=\"wp-block-image size-large is-style-default\"><img loading=\"lazy\" decoding=\"async\" width=\"1024\" height=\"834\" src=\"https:\/\/saintvincentwine.com\/wp-content\/uploads\/2022\/01\/74156979_3131095333598778_4573628708354523136_n-2-1024x834.jpg\" alt=\"\" class=\"wp-image-1635\" srcset=\"https:\/\/saintvincentwine.com\/wp-content\/uploads\/2022\/01\/74156979_3131095333598778_4573628708354523136_n-2-1024x834.jpg 1024w, https:\/\/saintvincentwine.com\/wp-content\/uploads\/2022\/01\/74156979_3131095333598778_4573628708354523136_n-2-300x244.jpg 300w, https:\/\/saintvincentwine.com\/wp-content\/uploads\/2022\/01\/74156979_3131095333598778_4573628708354523136_n-2-768x625.jpg 768w, https:\/\/saintvincentwine.com\/wp-content\/uploads\/2022\/01\/74156979_3131095333598778_4573628708354523136_n-2.jpg 1357w\" sizes=\"(max-width: 1024px) 100vw, 1024px\" \/><\/figure>\n\n\n\n<p class=\"has-large-font-size\"><a href=\"https:\/\/www.podere29.it\/\" data-type=\"URL\" data-id=\"http:\/\/www.zorzettigvini.it\/\" target=\"_blank\" rel=\"noreferrer noopener\">PODERE 29 S.R.L<\/a><a href=\"http:\/\/www.zorzettigvini.it\/\" data-type=\"URL\" data-id=\"http:\/\/www.zorzettigvini.it\/\" target=\"_blank\" rel=\"noreferrer noopener\">.<\/a><\/p>\n\n\n\n<p style=\"font-size:clamp(14px, 0.875rem + ((1vw - 3.2px) * 0.265), 17px);\"><\/p>\n\n\n\n<figure class=\"wp-block-image size-large is-style-default\"><img loading=\"lazy\" decoding=\"async\" width=\"1024\" height=\"695\" src=\"https:\/\/saintvincentwine.com\/wp-content\/uploads\/2025\/11\/Podere-29-vino-de-Italia-Saint-Vincent-Wine-1024x695.jpg\" alt=\"\" class=\"wp-image-1978\" srcset=\"https:\/\/saintvincentwine.com\/wp-content\/uploads\/2025\/11\/Podere-29-vino-de-Italia-Saint-Vincent-Wine-1024x695.jpg 1024w, https:\/\/saintvincentwine.com\/wp-content\/uploads\/2025\/11\/Podere-29-vino-de-Italia-Saint-Vincent-Wine-300x204.jpg 300w, https:\/\/saintvincentwine.com\/wp-content\/uploads\/2025\/11\/Podere-29-vino-de-Italia-Saint-Vincent-Wine-2000x1357.jpg 2000w\" sizes=\"(max-width: 1024px) 100vw, 1024px\" \/><\/figure>\n\n\n\n<p><\/p>\n\n\n\n<p class=\"has-large-font-size\"><a href=\"https:\/\/albeavini.com\/\" data-type=\"URL\" data-id=\"http:\/\/www.zorzettigvini.it\/\" target=\"_blank\" rel=\"noreferrer noopener\">CANTINA MUSEO ALBEA S.R.L<\/a><\/p>\n\n\n\n<p><\/p>\n\n\n\n<figure class=\"wp-block-image size-large is-style-default\"><img loading=\"lazy\" decoding=\"async\" width=\"683\" height=\"1024\" src=\"https:\/\/saintvincentwine.com\/wp-content\/uploads\/2025\/11\/Cantina-Museo-Albea-Vino-italiano-Saint-Vincent-Wine-683x1024.jpg\" alt=\"\" class=\"wp-image-1979\" srcset=\"https:\/\/saintvincentwine.com\/wp-content\/uploads\/2025\/11\/Cantina-Museo-Albea-Vino-italiano-Saint-Vincent-Wine-683x1024.jpg 683w, https:\/\/saintvincentwine.com\/wp-content\/uploads\/2025\/11\/Cantina-Museo-Albea-Vino-italiano-Saint-Vincent-Wine-200x300.jpg 200w, https:\/\/saintvincentwine.com\/wp-content\/uploads\/2025\/11\/Cantina-Museo-Albea-Vino-italiano-Saint-Vincent-Wine-2000x3000.jpg 2000w, https:\/\/saintvincentwine.com\/wp-content\/uploads\/2025\/11\/Cantina-Museo-Albea-Vino-italiano-Saint-Vincent-Wine-scaled.jpg 1707w\" sizes=\"(max-width: 683px) 100vw, 683px\" \/><\/figure>\n\n\n\n<p><\/p>\n\n\n\n<p class=\"has-large-font-size\"><a href=\"https:\/\/albeavini.com\/\" data-type=\"URL\" data-id=\"http:\/\/www.zorzettigvini.it\/\" target=\"_blank\" rel=\"noreferrer noopener\">CANTINA MUSEO ALBEA S.R.L<\/a><\/p>\n\n\n\n<p><\/p>\n\n\n\n<div class=\"wp-block-group has-global-padding is-layout-constrained wp-block-group-is-layout-constrained\">\n<div class=\"wp-block-columns is-layout-flex wp-container-core-columns-layout-1 wp-block-columns-is-layout-flex\">\n<div class=\"wp-block-column is-layout-flow wp-block-column-is-layout-flow\" style=\"flex-basis:100%\">\n<figure class=\"wp-block-gallery has-nested-images columns-4 is-cropped wp-block-gallery-15 is-layout-flex wp-block-gallery-is-layout-flex\">\n<figure class=\"wp-block-image size-large is-style-default\"><img loading=\"lazy\" decoding=\"async\" width=\"714\" height=\"1024\" src=\"https:\/\/saintvincentwine.com\/wp-content\/uploads\/2025\/11\/Alagna-vini-Vino-de-Italia-Saint-Vincent-Wine-714x1024.jpg\" alt=\"\" class=\"wp-image-1983\" srcset=\"https:\/\/saintvincentwine.com\/wp-content\/uploads\/2025\/11\/Alagna-vini-Vino-de-Italia-Saint-Vincent-Wine-714x1024.jpg 714w, https:\/\/saintvincentwine.com\/wp-content\/uploads\/2025\/11\/Alagna-vini-Vino-de-Italia-Saint-Vincent-Wine-209x300.jpg 209w, https:\/\/saintvincentwine.com\/wp-content\/uploads\/2025\/11\/Alagna-vini-Vino-de-Italia-Saint-Vincent-Wine-2000x2868.jpg 2000w, https:\/\/saintvincentwine.com\/wp-content\/uploads\/2025\/11\/Alagna-vini-Vino-de-Italia-Saint-Vincent-Wine-scaled.jpg 1785w\" sizes=\"(max-width: 714px) 100vw, 714px\" \/><\/figure>\n\n\n\n<figure class=\"wp-block-image size-large is-style-default\"><img loading=\"lazy\" decoding=\"async\" width=\"717\" height=\"1024\" src=\"https:\/\/saintvincentwine.com\/wp-content\/uploads\/2025\/11\/Alagna-vini-Vino-taliano-Saint-Vincent-Wine-717x1024.jpg\" alt=\"\" class=\"wp-image-1984\" srcset=\"https:\/\/saintvincentwine.com\/wp-content\/uploads\/2025\/11\/Alagna-vini-Vino-taliano-Saint-Vincent-Wine-717x1024.jpg 717w, https:\/\/saintvincentwine.com\/wp-content\/uploads\/2025\/11\/Alagna-vini-Vino-taliano-Saint-Vincent-Wine-210x300.jpg 210w, https:\/\/saintvincentwine.com\/wp-content\/uploads\/2025\/11\/Alagna-vini-Vino-taliano-Saint-Vincent-Wine-2000x2857.jpg 2000w, https:\/\/saintvincentwine.com\/wp-content\/uploads\/2025\/11\/Alagna-vini-Vino-taliano-Saint-Vincent-Wine-scaled.jpg 1792w\" sizes=\"(max-width: 717px) 100vw, 717px\" \/><\/figure>\n\n\n\n<figure class=\"wp-block-image size-large is-style-default\"><img loading=\"lazy\" decoding=\"async\" width=\"659\" height=\"1024\" src=\"https:\/\/saintvincentwine.com\/wp-content\/uploads\/2025\/11\/Alagna-vermouth-blanco-Alagna-vini-Saint-Vincent-Wine-vermut-659x1024.jpg\" alt=\"\" class=\"wp-image-1985\" srcset=\"https:\/\/saintvincentwine.com\/wp-content\/uploads\/2025\/11\/Alagna-vermouth-blanco-Alagna-vini-Saint-Vincent-Wine-vermut-659x1024.jpg 659w, https:\/\/saintvincentwine.com\/wp-content\/uploads\/2025\/11\/Alagna-vermouth-blanco-Alagna-vini-Saint-Vincent-Wine-vermut-193x300.jpg 193w, https:\/\/saintvincentwine.com\/wp-content\/uploads\/2025\/11\/Alagna-vermouth-blanco-Alagna-vini-Saint-Vincent-Wine-vermut-2000x3108.jpg 2000w, https:\/\/saintvincentwine.com\/wp-content\/uploads\/2025\/11\/Alagna-vermouth-blanco-Alagna-vini-Saint-Vincent-Wine-vermut-scaled.jpg 1647w\" sizes=\"(max-width: 659px) 100vw, 659px\" \/><\/figure>\n\n\n\n<figure class=\"wp-block-image size-large is-style-default\"><img loading=\"lazy\" decoding=\"async\" width=\"694\" height=\"1024\" src=\"https:\/\/saintvincentwine.com\/wp-content\/uploads\/2025\/11\/Alagna-Vermouth-rojo-Alagna-vini-vermut-Saint-Vincent-Wine-694x1024.jpg\" alt=\"\" class=\"wp-image-1986\" srcset=\"https:\/\/saintvincentwine.com\/wp-content\/uploads\/2025\/11\/Alagna-Vermouth-rojo-Alagna-vini-vermut-Saint-Vincent-Wine-694x1024.jpg 694w, https:\/\/saintvincentwine.com\/wp-content\/uploads\/2025\/11\/Alagna-Vermouth-rojo-Alagna-vini-vermut-Saint-Vincent-Wine-203x300.jpg 203w, https:\/\/saintvincentwine.com\/wp-content\/uploads\/2025\/11\/Alagna-Vermouth-rojo-Alagna-vini-vermut-Saint-Vincent-Wine-2000x2951.jpg 2000w, https:\/\/saintvincentwine.com\/wp-content\/uploads\/2025\/11\/Alagna-Vermouth-rojo-Alagna-vini-vermut-Saint-Vincent-Wine-scaled.jpg 1735w\" sizes=\"(max-width: 694px) 100vw, 694px\" \/><\/figure>\n<\/figure>\n<\/div>\n<\/div>\n<\/div>\n","protected":false},"excerpt":{"rendered":"<p>Espa\u00f1a BODEGAS MART\u00cdN CODAX S.A.U D.O. R\u00cdAS BAIXAS BURGANS BLANCO ALBARI\u00d1O DE MULLER S.A. D.O. TARRAGONA VERMOUTH &amp; VINO RANCIO EMENDIS MASIA PUIGMOLTO S.L. D.O. PENED\u00c9S EN CONSTRUCCI\u00d3N&#8230; PAGOS DEL REY S.L. VINOS DE LA TIERRA DE CASTILA Y LE\u00d3N Y D.O. TORO VINOS DE LA TIERRA DE CASTILLA Y LE\u00d3N ALVEAR D.O. MONTILLA MORILES &hellip; <\/p>\n<p class=\"link-more\"><a href=\"https:\/\/saintvincentwine.com\/?page_id=10\" class=\"more-link\">Leer m\u00e1s<span class=\"screen-reader-text\"> \u00abVinos convencionales\u00bb<\/span><\/a><\/p>\n","protected":false},"author":1,"featured_media":1878,"parent":0,"menu_order":10,"comment_status":"closed","ping_status":"closed","template":"","meta":{"footnotes":"","inspiro_hide_title":false},"featured_media_urls":{"thumbnail":["https:\/\/saintvincentwine.com\/wp-content\/uploads\/2025\/10\/Henriques-Henriques-Madeira-Saint-Vincent-Wine-2-150x150.jpg",150,150,true],"medium":["https:\/\/saintvincentwine.com\/wp-content\/uploads\/2025\/10\/Henriques-Henriques-Madeira-Saint-Vincent-Wine-2-300x164.jpg",300,164,true],"medium_large":["https:\/\/saintvincentwine.com\/wp-content\/uploads\/2025\/10\/Henriques-Henriques-Madeira-Saint-Vincent-Wine-2-scaled.jpg",768,419,false],"large":["https:\/\/saintvincentwine.com\/wp-content\/uploads\/2025\/10\/Henriques-Henriques-Madeira-Saint-Vincent-Wine-2-1024x558.jpg",950,518,true],"1536x1536":["https:\/\/saintvincentwine.com\/wp-content\/uploads\/2025\/10\/Henriques-Henriques-Madeira-Saint-Vincent-Wine-2-scaled-1536x837.jpg",1536,837,true],"2048x2048":["https:\/\/saintvincentwine.com\/wp-content\/uploads\/2025\/10\/Henriques-Henriques-Madeira-Saint-Vincent-Wine-2-scaled-2048x1116.jpg",2048,1116,true],"inspiro-featured-image":["https:\/\/saintvincentwine.com\/wp-content\/uploads\/2025\/10\/Henriques-Henriques-Madeira-Saint-Vincent-Wine-2-2000x1090.jpg",2000,1090,true],"inspiro-loop":["https:\/\/saintvincentwine.com\/wp-content\/uploads\/2025\/10\/Henriques-Henriques-Madeira-Saint-Vincent-Wine-2-950x320.jpg",950,320,true],"inspiro-loop@2x":["https:\/\/saintvincentwine.com\/wp-content\/uploads\/2025\/10\/Henriques-Henriques-Madeira-Saint-Vincent-Wine-2-1900x640.jpg",1900,640,true],"portfolio_item-thumbnail":["https:\/\/saintvincentwine.com\/wp-content\/uploads\/2025\/10\/Henriques-Henriques-Madeira-Saint-Vincent-Wine-2-600x400.jpg",600,400,true],"portfolio_item-thumbnail@2x":["https:\/\/saintvincentwine.com\/wp-content\/uploads\/2025\/10\/Henriques-Henriques-Madeira-Saint-Vincent-Wine-2-1200x800.jpg",1200,800,true],"portfolio_item-masonry":["https:\/\/saintvincentwine.com\/wp-content\/uploads\/2025\/10\/Henriques-Henriques-Madeira-Saint-Vincent-Wine-2-scaled-600x327.jpg",600,327,true],"portfolio_item-masonry@2x":["https:\/\/saintvincentwine.com\/wp-content\/uploads\/2025\/10\/Henriques-Henriques-Madeira-Saint-Vincent-Wine-2-scaled-1200x654.jpg",1200,654,true],"portfolio_item-thumbnail_cinema":["https:\/\/saintvincentwine.com\/wp-content\/uploads\/2025\/10\/Henriques-Henriques-Madeira-Saint-Vincent-Wine-2-scaled-800x335.jpg",800,335,true],"portfolio_item-thumbnail_portrait":["https:\/\/saintvincentwine.com\/wp-content\/uploads\/2025\/10\/Henriques-Henriques-Madeira-Saint-Vincent-Wine-2-scaled-600x900.jpg",600,900,true],"portfolio_item-thumbnail_portrait@2x":["https:\/\/saintvincentwine.com\/wp-content\/uploads\/2025\/10\/Henriques-Henriques-Madeira-Saint-Vincent-Wine-2-scaled-1200x1395.jpg",1200,1395,true],"portfolio_item-thumbnail_square":["https:\/\/saintvincentwine.com\/wp-content\/uploads\/2025\/10\/Henriques-Henriques-Madeira-Saint-Vincent-Wine-2-scaled-800x800.jpg",800,800,true]},"_links":{"self":[{"href":"https:\/\/saintvincentwine.com\/index.php?rest_route=\/wp\/v2\/pages\/10"}],"collection":[{"href":"https:\/\/saintvincentwine.com\/index.php?rest_route=\/wp\/v2\/pages"}],"about":[{"href":"https:\/\/saintvincentwine.com\/index.php?rest_route=\/wp\/v2\/types\/page"}],"author":[{"embeddable":true,"href":"https:\/\/saintvincentwine.com\/index.php?rest_route=\/wp\/v2\/users\/1"}],"replies":[{"embeddable":true,"href":"https:\/\/saintvincentwine.com\/index.php?rest_route=%2Fwp%2Fv2%2Fcomments&post=10"}],"version-history":[{"count":151,"href":"https:\/\/saintvincentwine.com\/index.php?rest_route=\/wp\/v2\/pages\/10\/revisions"}],"predecessor-version":[{"id":2011,"href":"https:\/\/saintvincentwine.com\/index.php?rest_route=\/wp\/v2\/pages\/10\/revisions\/2011"}],"wp:featuredmedia":[{"embeddable":true,"href":"https:\/\/saintvincentwine.com\/index.php?rest_route=\/wp\/v2\/media\/1878"}],"wp:attachment":[{"href":"https:\/\/saintvincentwine.com\/index.php?rest_route=%2Fwp%2Fv2%2Fmedia&parent=10"}],"curies":[{"name":"wp","href":"https:\/\/api.w.org\/{rel}","templated":true}]}}